{"id":5965,"date":"2022-04-28T13:38:58","date_gmt":"2022-04-28T13:38:58","guid":{"rendered":"https:\/\/a43.pt\/arquiteto-junior\/"},"modified":"2022-05-02T14:57:59","modified_gmt":"2022-05-02T14:57:59","slug":"arquiteto-junior","status":"publish","type":"page","link":"https:\/\/a43.pt\/pt-pt\/arquiteto-junior\/","title":{"rendered":"Arquiteto J\u00fanior"},"content":{"rendered":"<p>[vc_row][vc_column width=&#8221;1\/2&#8243;][vc_custom_heading text=&#8221;<\/p>\n<h2>Oferta de emprego: Arquiteto J\u00fanior<\/h2>\n<p>&#8220;][\/vc_column][\/vc_row][vc_row][vc_column][vc_column_text]A A43 est\u00e1 \u00e0 procura de um(a) Arquiteto\/a J\u00fanior com experi\u00eancia no desenvolvimento de projetos e consequente materializa\u00e7\u00e3o de ideias.<\/p>\n<p>Procuramos colaboradores eficientes, com capacidade de report e foco no servi\u00e7o ao cliente.<\/p>\n<p>\u00c9 essencial para esta posi\u00e7\u00e3o a capacidade de resolver problemas, estar dispon\u00edvel para investiga\u00e7\u00e3o, desenvolvimento conceptual e gerir o tempo de forma eficaz.<\/p>\n<p>Os nossos colaboradores s\u00e3o de confian\u00e7a, organizados e alinhados com a vis\u00e3o da A43.<\/p>\n<p>&nbsp;<\/p>\n<p><strong>Principais tarefas e responsabilidades:<\/strong><\/p>\n<p>&#8211; Atuar no desenvolvimento de cada projeto, da conce\u00e7\u00e3o e execu\u00e7\u00e3o ao acompanhamento de obra;<\/p>\n<p>&#8211; Elaborar desenhos desde o esbo\u00e7o ao REVIT;<\/p>\n<p>&#8211; Elaborar o desenvolvimento do Design e da apresenta\u00e7\u00e3o de projeto;<\/p>\n<p>&#8211; Desenvolver detalhes construtivos;<\/p>\n<p>&#8211; Cumprir a calendariza\u00e7\u00e3o de acordo com diretrizes.<\/p>\n<p>&nbsp;<\/p>\n<p><strong>Qualifica\u00e7\u00f5es e compet\u00eancias necess\u00e1rias:<\/strong><\/p>\n<p>&#8211; Mestrado em arquitetura;<\/p>\n<p>&#8211; No m\u00ednimo 3 a 5 anos de experi\u00eancia em projetos de arquitetura ou apresentar patamar t\u00e9cnico desejado;<\/p>\n<p>&#8211; Esp\u00edrito de equipa;<\/p>\n<p>&#8211; Gosto e experi\u00eancia em desenvolvimento da parte construtiva \/ materializa\u00e7\u00e3o dos edif\u00edcios;<\/p>\n<p>&#8211; Conhecimentos de REVIT \u2013 fator eliminat\u00f3rio;<\/p>\n<p>&#8211; Motiva\u00e7\u00e3o para atingir resultados de qualidade em tempo \u00fatil;<\/p>\n<p>&#8211; Integridade &#8211; honestidade, abertura, \u00e9tica e justi\u00e7a nas rela\u00e7\u00f5es de trabalho. Excelente habilidade de comunica\u00e7\u00e3o escrita e falada para alinhar com as necessidades do cliente;<\/p>\n<p>&#8211; Capacidade de organiza\u00e7\u00e3o e planeamento de tarefas;<\/p>\n<p>&#8211; Atitude positiva diante de desafios.<\/p>\n<p>&nbsp;<\/p>\n<p><strong>Qualifica\u00e7\u00f5es e compet\u00eancias necess\u00e1rias:<\/strong><\/p>\n<p>&#8211; Conhecimento escrito e falado de Portugu\u00eas e Ingl\u00eas;<\/p>\n<p>&#8211; Possuir carta de condu\u00e7\u00e3o;<\/p>\n<p>&#8211; Outras que o candidato\/a entenda relevantes.<\/p>\n<p>&nbsp;<\/p>\n<p>A candidatura deve conter uma carta de apresenta\u00e7\u00e3o e no assunto do email deve identificar a vaga a que se candidata.<\/p>\n<p>Solicitamos envio de curriculum e portf\u00f3lio via wetransfer para a43@a43.pt.[\/vc_column_text][vc_btn title=&#8221;Submeter&#8221; link=&#8221;url:https%3A%2F%2Fwww.linkedin.com%2Fjobs%2Fview%2F2848274347%2F%3FrefId%3DTKl9lI0rnBODtMskSGnQpA%253D%253D%26trackingId%3D5YD%252FQc3zMifdcTkLpXHbpQ%253D%253D|target:_blank|&#8221;][\/vc_column][\/vc_row]<\/p>\n","protected":false},"excerpt":{"rendered":"<p>[vc_row][vc_column width=&#8221;1\/2&#8243;][vc_custom_heading text=&#8221; Oferta de emprego: Arquiteto J\u00fanior &#8220;][\/vc_column][\/vc_row][vc_row][vc_column][vc_column_text]A A43 est\u00e1 \u00e0 procura de um(a) Arquiteto\/a J\u00fanior com experi\u00eancia no desenvolvimento de projetos e consequente materializa\u00e7\u00e3o de ideias. Procuramos colaboradores eficientes, com capacidade de report e foco no servi\u00e7o ao cliente. \u00c9 essencial para esta posi\u00e7\u00e3o a capacidade de resolver problemas, estar dispon\u00edvel para investiga\u00e7\u00e3o,&hellip;<\/p>\n","protected":false},"author":10,"featured_media":0,"parent":0,"menu_order":0,"comment_status":"closed","ping_status":"closed","template":"","meta":{"footnotes":""},"class_list":["post-5965","page","type-page","status-publish","hentry"],"yoast_head":"<!-- This site is optimized with the Yoast SEO plugin v27.2 - https:\/\/yoast.com\/product\/yoast-seo-wordpress\/ -->\n<title>Arquiteto J\u00fanior - A43<\/title>\n<meta name=\"robots\" content=\"index, follow, max-snippet:-1, max-image-preview:large, max-video-preview:-1\" \/>\n<link rel=\"canonical\" href=\"https:\/\/a43.pt\/pt-pt\/arquiteto-junior\/\" \/>\n<meta property=\"og:locale\" content=\"pt_PT\" \/>\n<meta property=\"og:type\" content=\"article\" \/>\n<meta property=\"og:title\" content=\"Arquiteto J\u00fanior - A43\" \/>\n<meta property=\"og:description\" content=\"[vc_row][vc_column width=&#8221;1\/2&#8243;][vc_custom_heading text=&#8221; Oferta de emprego: Arquiteto J\u00fanior &#8220;][\/vc_column][\/vc_row][vc_row][vc_column][vc_column_text]A A43 est\u00e1 \u00e0 procura de um(a) Arquiteto\/a J\u00fanior com experi\u00eancia no desenvolvimento de projetos e consequente materializa\u00e7\u00e3o de ideias. Procuramos colaboradores eficientes, com capacidade de report e foco no servi\u00e7o ao cliente. \u00c9 essencial para esta posi\u00e7\u00e3o a capacidade de resolver problemas, estar dispon\u00edvel para investiga\u00e7\u00e3o,&hellip;\" \/>\n<meta property=\"og:url\" content=\"https:\/\/a43.pt\/pt-pt\/arquiteto-junior\/\" \/>\n<meta property=\"og:site_name\" content=\"A43\" \/>\n<meta property=\"article:publisher\" content=\"https:\/\/www.facebook.com\/a43.pt\" \/>\n<meta property=\"article:modified_time\" content=\"2022-05-02T14:57:59+00:00\" \/>\n<meta property=\"og:image\" content=\"https:\/\/a43.pt\/wp-content\/uploads\/2022\/02\/271884122_257255629853135_541085647958833298_n.jpg\" \/>\n\t<meta property=\"og:image:width\" content=\"1080\" \/>\n\t<meta property=\"og:image:height\" content=\"1350\" \/>\n\t<meta property=\"og:image:type\" content=\"image\/jpeg\" \/>\n<meta name=\"twitter:card\" content=\"summary_large_image\" \/>\n<meta name=\"twitter:label1\" content=\"Tempo estimado de leitura\" \/>\n\t<meta name=\"twitter:data1\" content=\"2 minutos\" \/>\n<script type=\"application\/ld+json\" class=\"yoast-schema-graph\">{\"@context\":\"https:\/\/schema.org\",\"@graph\":[{\"@type\":\"WebPage\",\"@id\":\"https:\/\/a43.pt\/pt-pt\/arquiteto-junior\/\",\"url\":\"https:\/\/a43.pt\/pt-pt\/arquiteto-junior\/\",\"name\":\"Arquiteto J\u00fanior - A43\",\"isPartOf\":{\"@id\":\"https:\/\/a43.pt\/#website\"},\"datePublished\":\"2022-04-28T13:38:58+00:00\",\"dateModified\":\"2022-05-02T14:57:59+00:00\",\"breadcrumb\":{\"@id\":\"https:\/\/a43.pt\/pt-pt\/arquiteto-junior\/#breadcrumb\"},\"inLanguage\":\"pt-PT\",\"potentialAction\":[{\"@type\":\"ReadAction\",\"target\":[\"https:\/\/a43.pt\/pt-pt\/arquiteto-junior\/\"]}]},{\"@type\":\"BreadcrumbList\",\"@id\":\"https:\/\/a43.pt\/pt-pt\/arquiteto-junior\/#breadcrumb\",\"itemListElement\":[{\"@type\":\"ListItem\",\"position\":1,\"name\":\"Home\",\"item\":\"https:\/\/a43.pt\/\"},{\"@type\":\"ListItem\",\"position\":2,\"name\":\"Arquiteto J\u00fanior\"}]},{\"@type\":\"WebSite\",\"@id\":\"https:\/\/a43.pt\/#website\",\"url\":\"https:\/\/a43.pt\/\",\"name\":\"A43\",\"description\":\"We believe in Architecture and we are passioned by the human behavior in it!\",\"publisher\":{\"@id\":\"https:\/\/a43.pt\/#organization\"},\"potentialAction\":[{\"@type\":\"SearchAction\",\"target\":{\"@type\":\"EntryPoint\",\"urlTemplate\":\"https:\/\/a43.pt\/?s={search_term_string}\"},\"query-input\":{\"@type\":\"PropertyValueSpecification\",\"valueRequired\":true,\"valueName\":\"search_term_string\"}}],\"inLanguage\":\"pt-PT\"},{\"@type\":\"Organization\",\"@id\":\"https:\/\/a43.pt\/#organization\",\"name\":\"A43\",\"url\":\"https:\/\/a43.pt\/\",\"logo\":{\"@type\":\"ImageObject\",\"inLanguage\":\"pt-PT\",\"@id\":\"https:\/\/a43.pt\/#\/schema\/logo\/image\/\",\"url\":\"http:\/\/a43.pt\/wp-content\/uploads\/2022\/03\/Logo-pretosem-fundo.png\",\"contentUrl\":\"http:\/\/a43.pt\/wp-content\/uploads\/2022\/03\/Logo-pretosem-fundo.png\",\"width\":340,\"height\":149,\"caption\":\"A43\"},\"image\":{\"@id\":\"https:\/\/a43.pt\/#\/schema\/logo\/image\/\"},\"sameAs\":[\"https:\/\/www.facebook.com\/a43.pt\",\"https:\/\/www.instagram.com\/a43_architecture\/\",\"https:\/\/www.linkedin.com\/company\/a43\/\",\"https:\/\/www.youtube.com\/channel\/UCVBugiOuxLz5qkZaqMfe7_w\"]}]}<\/script>\n<!-- \/ Yoast SEO plugin. -->","yoast_head_json":{"title":"Arquiteto J\u00fanior - A43","robots":{"index":"index","follow":"follow","max-snippet":"max-snippet:-1","max-image-preview":"max-image-preview:large","max-video-preview":"max-video-preview:-1"},"canonical":"https:\/\/a43.pt\/pt-pt\/arquiteto-junior\/","og_locale":"pt_PT","og_type":"article","og_title":"Arquiteto J\u00fanior - A43","og_description":"[vc_row][vc_column width=&#8221;1\/2&#8243;][vc_custom_heading text=&#8221; Oferta de emprego: Arquiteto J\u00fanior &#8220;][\/vc_column][\/vc_row][vc_row][vc_column][vc_column_text]A A43 est\u00e1 \u00e0 procura de um(a) Arquiteto\/a J\u00fanior com experi\u00eancia no desenvolvimento de projetos e consequente materializa\u00e7\u00e3o de ideias. Procuramos colaboradores eficientes, com capacidade de report e foco no servi\u00e7o ao cliente. \u00c9 essencial para esta posi\u00e7\u00e3o a capacidade de resolver problemas, estar dispon\u00edvel para investiga\u00e7\u00e3o,&hellip;","og_url":"https:\/\/a43.pt\/pt-pt\/arquiteto-junior\/","og_site_name":"A43","article_publisher":"https:\/\/www.facebook.com\/a43.pt","article_modified_time":"2022-05-02T14:57:59+00:00","og_image":[{"width":1080,"height":1350,"url":"https:\/\/a43.pt\/wp-content\/uploads\/2022\/02\/271884122_257255629853135_541085647958833298_n.jpg","type":"image\/jpeg"}],"twitter_card":"summary_large_image","twitter_misc":{"Tempo estimado de leitura":"2 minutos"},"schema":{"@context":"https:\/\/schema.org","@graph":[{"@type":"WebPage","@id":"https:\/\/a43.pt\/pt-pt\/arquiteto-junior\/","url":"https:\/\/a43.pt\/pt-pt\/arquiteto-junior\/","name":"Arquiteto J\u00fanior - A43","isPartOf":{"@id":"https:\/\/a43.pt\/#website"},"datePublished":"2022-04-28T13:38:58+00:00","dateModified":"2022-05-02T14:57:59+00:00","breadcrumb":{"@id":"https:\/\/a43.pt\/pt-pt\/arquiteto-junior\/#breadcrumb"},"inLanguage":"pt-PT","potentialAction":[{"@type":"ReadAction","target":["https:\/\/a43.pt\/pt-pt\/arquiteto-junior\/"]}]},{"@type":"BreadcrumbList","@id":"https:\/\/a43.pt\/pt-pt\/arquiteto-junior\/#breadcrumb","itemListElement":[{"@type":"ListItem","position":1,"name":"Home","item":"https:\/\/a43.pt\/"},{"@type":"ListItem","position":2,"name":"Arquiteto J\u00fanior"}]},{"@type":"WebSite","@id":"https:\/\/a43.pt\/#website","url":"https:\/\/a43.pt\/","name":"A43","description":"We believe in Architecture and we are passioned by the human behavior in it!","publisher":{"@id":"https:\/\/a43.pt\/#organization"},"potentialAction":[{"@type":"SearchAction","target":{"@type":"EntryPoint","urlTemplate":"https:\/\/a43.pt\/?s={search_term_string}"},"query-input":{"@type":"PropertyValueSpecification","valueRequired":true,"valueName":"search_term_string"}}],"inLanguage":"pt-PT"},{"@type":"Organization","@id":"https:\/\/a43.pt\/#organization","name":"A43","url":"https:\/\/a43.pt\/","logo":{"@type":"ImageObject","inLanguage":"pt-PT","@id":"https:\/\/a43.pt\/#\/schema\/logo\/image\/","url":"http:\/\/a43.pt\/wp-content\/uploads\/2022\/03\/Logo-pretosem-fundo.png","contentUrl":"http:\/\/a43.pt\/wp-content\/uploads\/2022\/03\/Logo-pretosem-fundo.png","width":340,"height":149,"caption":"A43"},"image":{"@id":"https:\/\/a43.pt\/#\/schema\/logo\/image\/"},"sameAs":["https:\/\/www.facebook.com\/a43.pt","https:\/\/www.instagram.com\/a43_architecture\/","https:\/\/www.linkedin.com\/company\/a43\/","https:\/\/www.youtube.com\/channel\/UCVBugiOuxLz5qkZaqMfe7_w"]}]}},"acf":[],"_links":{"self":[{"href":"https:\/\/a43.pt\/pt-pt\/wp-json\/wp\/v2\/pages\/5965","targetHints":{"allow":["GET"]}}],"collection":[{"href":"https:\/\/a43.pt\/pt-pt\/wp-json\/wp\/v2\/pages"}],"about":[{"href":"https:\/\/a43.pt\/pt-pt\/wp-json\/wp\/v2\/types\/page"}],"author":[{"embeddable":true,"href":"https:\/\/a43.pt\/pt-pt\/wp-json\/wp\/v2\/users\/10"}],"replies":[{"embeddable":true,"href":"https:\/\/a43.pt\/pt-pt\/wp-json\/wp\/v2\/comments?post=5965"}],"version-history":[{"count":1,"href":"https:\/\/a43.pt\/pt-pt\/wp-json\/wp\/v2\/pages\/5965\/revisions"}],"predecessor-version":[{"id":5966,"href":"https:\/\/a43.pt\/pt-pt\/wp-json\/wp\/v2\/pages\/5965\/revisions\/5966"}],"wp:attachment":[{"href":"https:\/\/a43.pt\/pt-pt\/wp-json\/wp\/v2\/media?parent=5965"}],"curies":[{"name":"wp","href":"https:\/\/api.w.org\/{rel}","templated":true}]}}